{"id":3918,"date":"2025-09-15T09:53:34","date_gmt":"2025-09-15T08:53:34","guid":{"rendered":"https:\/\/artesaniamantasdelana.com\/?page_id=3918"},"modified":"2025-10-21T17:48:25","modified_gmt":"2025-10-21T16:48:25","slug":"condiciones-de-compra","status":"publish","type":"page","link":"https:\/\/artesaniamantasdelana.com\/ca\/condiciones-de-compra\/","title":{"rendered":"Condicions de compra"},"content":{"rendered":"<div data-elementor-type=\"wp-page\" data-elementor-id=\"3918\" class=\"elementor elementor-3918\" wpc-filter-elementor-widget=\"1\" data-elementor-post-type=\"page\">\n\t\t\t\t<div class=\"elementor-element elementor-element-fefe76d e-flex e-con-boxed e-con e-parent\" data-id=\"fefe76d\" data-element_type=\"container\" data-e-type=\"container\">\n\t\t\t\t\t<div class=\"e-con-inner\">\n\t\t\t\t<div class=\"elementor-element elementor-element-9649ca3 elementor-widget elementor-widget-heading\" data-id=\"9649ca3\" data-element_type=\"widget\" data-e-type=\"widget\" data-widget_type=\"heading.default\">\n\t\t\t\t<div class=\"elementor-widget-container\">\n\t\t\t\t\t<h1 class=\"elementor-heading-title elementor-size-default\">Condicions de compra<\/h1>\t\t\t\t<\/div>\n\t\t\t\t<\/div>\n\t\t\t\t<div class=\"elementor-element elementor-element-c0f6b0b elementor-widget elementor-widget-text-editor\" data-id=\"c0f6b0b\" data-element_type=\"widget\" data-e-type=\"widget\" data-widget_type=\"text-editor.default\">\n\t\t\t\t<div class=\"elementor-widget-container\">\n\t\t\t\t\t\t\t\t\t<h2>Preguntes freq\u00fcents<\/h2>\n<p class=\"lead\">Informaci\u00f3 que pot ser del seu inter\u00e8s. Si necessita que s\u2019hi inclogui el seu NIF, haur\u00e0 d\u2019introduir-lo a la segona l\u00ednia de l\u2019adre\u00e7a de\nfacturaci\u00f3.<\/p>\n<h2>Quines s\u00f3n les despeses d\u2019enviament?<\/h2>\n<p>Si la compra \u00e9s per un import superior a 150 \u20ac, exclosos els costos d\u2019enviament, aquests seran gratu\u00efts. En cas contrari, tindran un cost de 10 \u20ac.<\/p>\n<h2>Qui assumeix les despeses d\u2019enviament en una devoluci\u00f3?<\/h2>\n<p>Si la devoluci\u00f3 \u00e9s per canvi o perqu\u00e8 el producte no satisf\u00e0 el client, les despeses d\u2019enviament aniran a c\u00e0rrec del comprador.<\/p>\n<h2>Quins m\u00e8todes de pagament es poden utilitzar?<\/h2>\n<p>Actualment, es pot pagar amb targeta VISA\/MASTERCARD o per transfer\u00e8ncia banc\u00e0ria.<\/p>\n<h2>Quant triga a arribar la comanda?<\/h2>\n<p>Les comandes dins del territori espanyol es realitzen a trav\u00e9s del servei SEUR 24\/48 hores, amb un termini de lliurament de 24\/48 hores (48 hores per a poblacions de m\u00e9s de 50.000 habitants).<\/p>\n<h2>Com \u00e9s de segura la compra per Internet?<\/h2>\n<p>La web est\u00e0 protegida en tot moment per un certificat de seguretat SSL d\u2019\u00faltima generaci\u00f3, que encripta totes les dades enviades. Durant el proc\u00e9s de pagament, s\u2019accedeix a una passarel\u00b7la banc\u00e0ria tamb\u00e9 protegida amb certificat SSL.<\/p>\n<h2>Qu\u00e8 passa despr\u00e9s de fer la comanda?<\/h2>\n<p>Un cop efectuat el pagament, s\u2019envia una notificaci\u00f3 informant que es procedeix a la preparaci\u00f3 de l\u2019enviament. Quan la comanda est\u00e0 preparada i enviada, rebr\u00e0 una altra notificaci\u00f3 indicant l\u2019estat de la comanda en tot moment.<\/p>\n<h2>Rebr\u00e9 la factura amb la comanda?<\/h2>\n<p>La factura s\u2019inclou amb la comanda i tamb\u00e9 es podr\u00e0 descarregar des de la web un cop enviada. Si necessita que s\u2019hi inclogui el seu NIF, haur\u00e0 d\u2019introduir-lo a la segona l\u00ednia de l\u2019adre\u00e7a de facturaci\u00f3.<\/p>\t\t\t\t\t\t\t\t<\/div>\n\t\t\t\t<\/div>\n\t\t\t\t\t<\/div>\n\t\t\t\t<\/div>\n\t\t\t\t<\/div>","protected":false},"excerpt":{"rendered":"<p>Preguntas frecuentes Informaci\u00f3n que puede ser de su inter\u00e9s. \u00bfCu\u00e1les son los gastos de envi\u00f3? Si compra por un importe superior a 150 \u20ac, excluidos los gastos de env\u00edo, \u00e9stos ser\u00e1n gratuitos, en caso contrario tendr\u00e1n un coste de 10 \u20ac. \u00bfQui\u00e9n asume los gastos de env\u00edo en una devoluci\u00f3n? Si la devoluci\u00f3n es por [&hellip;]<\/p>\n","protected":false},"author":100,"featured_media":0,"parent":0,"menu_order":0,"comment_status":"closed","ping_status":"closed","template":"","meta":{"footnotes":""},"class_list":["post-3918","page","type-page","status-publish","hentry"],"_links":{"self":[{"href":"https:\/\/artesaniamantasdelana.com\/ca\/wp-json\/wp\/v2\/pages\/3918","targetHints":{"allow":["GET"]}}],"collection":[{"href":"https:\/\/artesaniamantasdelana.com\/ca\/wp-json\/wp\/v2\/pages"}],"about":[{"href":"https:\/\/artesaniamantasdelana.com\/ca\/wp-json\/wp\/v2\/types\/page"}],"author":[{"embeddable":true,"href":"https:\/\/artesaniamantasdelana.com\/ca\/wp-json\/wp\/v2\/users\/100"}],"replies":[{"embeddable":true,"href":"https:\/\/artesaniamantasdelana.com\/ca\/wp-json\/wp\/v2\/comments?post=3918"}],"version-history":[{"count":0,"href":"https:\/\/artesaniamantasdelana.com\/ca\/wp-json\/wp\/v2\/pages\/3918\/revisions"}],"wp:attachment":[{"href":"https:\/\/artesaniamantasdelana.com\/ca\/wp-json\/wp\/v2\/media?parent=3918"}],"curies":[{"name":"wp","href":"https:\/\/api.w.org\/{rel}","templated":true}]}}