{"id":3649,"date":"2025-09-10T07:27:35","date_gmt":"2025-09-10T06:27:35","guid":{"rendered":"https:\/\/artesaniamantasdelana.com\/?post_type=product&#038;p=3649"},"modified":"2026-01-14T18:50:48","modified_gmt":"2026-01-14T17:50:48","slug":"manta-de-lana-lisas-para-cama-color-blanco-500-g-m2","status":"publish","type":"product","link":"https:\/\/artesaniamantasdelana.com\/ca\/manta-de-lana-lisas-para-cama-color-blanco-500-g-m2\/","title":{"rendered":"Manta de Llana Llisa per a Llit Color Blanc (500 g\/m\u00b2)"},"content":{"rendered":"<h3>Descans en la seva forma m\u00e9s pura<\/h3>\n<p>Inspirada en els cims nevats, la nostra manta de llana blanca \u00e9s una invitaci\u00f3 al descans, al silenci i al confort. Aquesta pe\u00e7a ofereix un abric acollidor i que perdura, perfecte per als qui busquen calidesa natural sense renunciar a l'est\u00e8tica minimalista. El color natural de la llana aporta lluminositat i amplitud visual al dormitori, convertint-se en un element essencial per a crear ambients serens i sofisticats.<\/p>\n<p>\u00c9s ideal per a llits de tots els estils, des dels m\u00e9s contempor\u00e0nis fins a aquells d'inspiraci\u00f3 r\u00fastica o escandinava. El seu disseny llis transmet sobrietat, per\u00f2 al mateix temps revela una atenci\u00f3 al detall que converteix el simple en una cosa excepcional. Les propietats termorreguladoras de la llana natural fan d'aquesta manta una companya ideal per a les nits fredes de l'hivern.<\/p>\n<p>M\u00e9s que un complement, aquesta manta \u00e9s una declaraci\u00f3 de principis: una aposta per la qualitat, la senzillesa i la bellesa atemporal. Perfecta per als qui valoren l'essencial i el que perdura, perqu\u00e8 el veritable luxe est\u00e0 en el que \u00e8s aut\u00e8ntic i natural.<\/p>","protected":false},"excerpt":{"rendered":"<p>Manta de llana 100% que compta amb un gramatge de 500 g\/m\u00b2. Ofereix el confort\nnatural amb el color original de la llana d'ovella (sense tints ni colorants), presenta tota la\nvora encintada per a un acabat elegant. Ideal per a les nits m\u00e9s fredes, per a decorar la teva\nllar. Experimenta la sensaci\u00f3 de benestar que nom\u00e9s la llana pura pot donar.<\/p>","protected":false},"featured_media":3683,"comment_status":"closed","ping_status":"closed","template":"","meta":[],"product_brand":[],"product_cat":[415],"product_tag":[74],"class_list":{"0":"post-3649","1":"product","2":"type-product","3":"status-publish","4":"has-post-thumbnail","6":"product_cat-mantas-lana-lisas-para-cama","7":"product_tag-destacado","8":"pa_medidas-manta-lisa-150-x-220-cama-90","9":"pa_medidas-manta-lisa-180-x-220-cama-105","10":"pa_medidas-manta-lisa-220-x-240-cama-135","11":"pa_medidas-manta-lisa-260-x-240-cama-180","12":"pa_medidas-manta-lisa-280-x-260-cama-210","14":"first","15":"instock","16":"taxable","17":"shipping-taxable","18":"purchasable","19":"product-type-variable","20":"rtwpvg-product"},"gallery_images":[3684,3687,3688],"_links":{"self":[{"href":"https:\/\/artesaniamantasdelana.com\/ca\/wp-json\/wp\/v2\/product\/3649","targetHints":{"allow":["GET"]}}],"collection":[{"href":"https:\/\/artesaniamantasdelana.com\/ca\/wp-json\/wp\/v2\/product"}],"about":[{"href":"https:\/\/artesaniamantasdelana.com\/ca\/wp-json\/wp\/v2\/types\/product"}],"replies":[{"embeddable":true,"href":"https:\/\/artesaniamantasdelana.com\/ca\/wp-json\/wp\/v2\/comments?post=3649"}],"wp:featuredmedia":[{"embeddable":true,"href":"https:\/\/artesaniamantasdelana.com\/ca\/wp-json\/wp\/v2\/media\/3683"}],"wp:attachment":[{"href":"https:\/\/artesaniamantasdelana.com\/ca\/wp-json\/wp\/v2\/media?parent=3649"}],"wp:term":[{"taxonomy":"product_brand","embeddable":true,"href":"https:\/\/artesaniamantasdelana.com\/ca\/wp-json\/wp\/v2\/product_brand?post=3649"},{"taxonomy":"product_cat","embeddable":true,"href":"https:\/\/artesaniamantasdelana.com\/ca\/wp-json\/wp\/v2\/product_cat?post=3649"},{"taxonomy":"product_tag","embeddable":true,"href":"https:\/\/artesaniamantasdelana.com\/ca\/wp-json\/wp\/v2\/product_tag?post=3649"}],"curies":[{"name":"wp","href":"https:\/\/api.w.org\/{rel}","templated":true}]}}